{"id":1488,"date":"2019-04-19T16:27:37","date_gmt":"2019-04-19T14:27:37","guid":{"rendered":"http:\/\/www.valdemarin.it\/?page_id=1488"},"modified":"2019-06-12T18:22:23","modified_gmt":"2019-06-12T16:22:23","slug":"concorsi-2-2","status":"publish","type":"page","link":"https:\/\/www.valdemarin.it\/?page_id=1488&lang=de","title":{"rendered":"Wettbewerbe"},"content":{"rendered":"\n\t<p><b>Planungswettbewerb Umfahrung St. Andr\u00e4<\/b><\/p>\n\t<div aria-live=\"polite\" id=\"soliloquy-container-1445\" class=\"soliloquy-container soliloquy-transition-fade  soliloquy-theme-classic\" style=\"max-width:400px;max-height:184px;\"><ul id=\"soliloquy-1445\" class=\"soliloquy-slider soliloquy-slides soliloquy-wrap soliloquy-clear\"><li aria-hidden=\"true\" class=\"soliloquy-item soliloquy-item-1 soliloquy-image-slide\" draggable=\"false\" style=\"list-style:none\"><img id=\"soliloquy-image-1446\" class=\"soliloquy-image soliloquy-image-1\" src=\"https:\/\/www.valdemarin.it\/Luca\/wp-content\/uploads\/2019\/04\/12-400x184_c.jpg\" alt=\"12\" \/><\/li><li aria-hidden=\"true\" class=\"soliloquy-item soliloquy-item-2 soliloquy-image-slide\" draggable=\"false\" style=\"list-style:none\"><img id=\"soliloquy-image-1447\" class=\"soliloquy-image soliloquy-image-2\" src=\"https:\/\/www.valdemarin.it\/Luca\/wp-content\/uploads\/2019\/04\/13-400x184_c.jpg\" alt=\"13\" \/><\/li><\/ul><\/div><noscript><style type=\"text\/css\">#soliloquy-container-1445{opacity:1}<\/style><\/noscript>\n\t<p><b>Ideenwettbewerb \u2013 Mobile Cadenonbr\u00fccke auf dem alten Hafen der Altstadt von Lazise<\/b><\/p>\n\t<div aria-live=\"polite\" id=\"soliloquy-container-1430\" class=\"soliloquy-container soliloquy-transition-fade  soliloquy-theme-classic\" style=\"max-width:400px;max-height:184px;\"><ul id=\"soliloquy-1430\" class=\"soliloquy-slider soliloquy-slides soliloquy-wrap soliloquy-clear\"><li aria-hidden=\"true\" class=\"soliloquy-item soliloquy-item-1 soliloquy-image-slide\" draggable=\"false\" style=\"list-style:none\"><img id=\"soliloquy-image-1431\" class=\"soliloquy-image soliloquy-image-1\" src=\"https:\/\/www.valdemarin.it\/Luca\/wp-content\/uploads\/2019\/04\/5-1-400x184_c.jpg\" alt=\"5\" \/><\/li><li aria-hidden=\"true\" class=\"soliloquy-item soliloquy-item-2 soliloquy-image-slide\" draggable=\"false\" style=\"list-style:none\"><img id=\"soliloquy-image-1432\" class=\"soliloquy-image soliloquy-image-2\" src=\"https:\/\/www.valdemarin.it\/Luca\/wp-content\/uploads\/2019\/04\/6-400x184_c.jpg\" alt=\"6\" \/><\/li><li aria-hidden=\"true\" class=\"soliloquy-item soliloquy-item-3 soliloquy-image-slide\" draggable=\"false\" style=\"list-style:none\"><img id=\"soliloquy-image-1433\" class=\"soliloquy-image soliloquy-image-3\" src=\"https:\/\/www.valdemarin.it\/Luca\/wp-content\/uploads\/2019\/04\/7-400x184_c.jpg\" alt=\"7\" \/><\/li><li aria-hidden=\"true\" class=\"soliloquy-item soliloquy-item-4 soliloquy-image-slide\" draggable=\"false\" style=\"list-style:none\"><img id=\"soliloquy-image-1434\" class=\"soliloquy-image soliloquy-image-4\" src=\"https:\/\/www.valdemarin.it\/Luca\/wp-content\/uploads\/2019\/04\/39-400x184_c.jpg\" alt=\"39\" \/><\/li><\/ul><\/div><noscript><style type=\"text\/css\">#soliloquy-container-1430{opacity:1}<\/style><\/noscript>\n\t<p><b>Ideenwettbewerb Verbindung Stadt \u2013 Berg Brixen<\/b><\/p>\n\t<div aria-live=\"polite\" id=\"soliloquy-container-1436\" class=\"soliloquy-container soliloquy-transition-fade  soliloquy-theme-classic\" style=\"max-width:400px;max-height:184px;\"><ul id=\"soliloquy-1436\" class=\"soliloquy-slider soliloquy-slides soliloquy-wrap soliloquy-clear\"><li aria-hidden=\"true\" class=\"soliloquy-item soliloquy-item-1 soliloquy-image-slide\" draggable=\"false\" style=\"list-style:none\"><img id=\"soliloquy-image-1437\" class=\"soliloquy-image soliloquy-image-1\" src=\"https:\/\/www.valdemarin.it\/Luca\/wp-content\/uploads\/2019\/04\/3-1-400x184_c.jpg\" alt=\"3\" \/><\/li><li aria-hidden=\"true\" class=\"soliloquy-item soliloquy-item-2 soliloquy-image-slide\" draggable=\"false\" style=\"list-style:none\"><img id=\"soliloquy-image-1438\" class=\"soliloquy-image soliloquy-image-2\" src=\"https:\/\/www.valdemarin.it\/Luca\/wp-content\/uploads\/2019\/04\/4-400x184_c.jpg\" alt=\"4\" \/><\/li><li aria-hidden=\"true\" class=\"soliloquy-item soliloquy-item-3 soliloquy-image-slide\" draggable=\"false\" style=\"list-style:none\"><img id=\"soliloquy-image-1439\" class=\"soliloquy-image soliloquy-image-3\" src=\"https:\/\/www.valdemarin.it\/Luca\/wp-content\/uploads\/2019\/04\/36-400x184_c.jpg\" alt=\"36\" \/><\/li><\/ul><\/div><noscript><style type=\"text\/css\">#soliloquy-container-1436{opacity:1}<\/style><\/noscript>\n\t<p><b>Ideenwettbewerb f\u00fcr die Realisierung des s\u00fcdlichen Eisenbahnanschlusses ins Pustertal<\/b><\/p>\n\t<div aria-live=\"polite\" id=\"soliloquy-container-1440\" class=\"soliloquy-container soliloquy-transition-fade  soliloquy-theme-classic\" style=\"max-width:400px;max-height:184px;\"><ul id=\"soliloquy-1440\" class=\"soliloquy-slider soliloquy-slides soliloquy-wrap soliloquy-clear\"><li aria-hidden=\"true\" class=\"soliloquy-item soliloquy-item-1 soliloquy-image-slide\" draggable=\"false\" style=\"list-style:none\"><img id=\"soliloquy-image-1441\" class=\"soliloquy-image soliloquy-image-1\" src=\"https:\/\/www.valdemarin.it\/Luca\/wp-content\/uploads\/2019\/04\/8-1-400x184_c.jpg\" alt=\"8\" \/><\/li><li aria-hidden=\"true\" class=\"soliloquy-item soliloquy-item-2 soliloquy-image-slide\" draggable=\"false\" style=\"list-style:none\"><img id=\"soliloquy-image-1442\" class=\"soliloquy-image soliloquy-image-2\" src=\"https:\/\/www.valdemarin.it\/Luca\/wp-content\/uploads\/2019\/04\/9-400x184_c.jpg\" alt=\"9\" \/><\/li><li aria-hidden=\"true\" class=\"soliloquy-item soliloquy-item-3 soliloquy-image-slide\" draggable=\"false\" style=\"list-style:none\"><img id=\"soliloquy-image-1443\" class=\"soliloquy-image soliloquy-image-3\" src=\"https:\/\/www.valdemarin.it\/Luca\/wp-content\/uploads\/2019\/04\/10-400x184_c.jpg\" alt=\"10\" \/><\/li><li aria-hidden=\"true\" class=\"soliloquy-item soliloquy-item-4 soliloquy-image-slide\" draggable=\"false\" style=\"list-style:none\"><img id=\"soliloquy-image-1444\" class=\"soliloquy-image soliloquy-image-4\" src=\"https:\/\/www.valdemarin.it\/Luca\/wp-content\/uploads\/2019\/04\/11-400x184_c.jpg\" alt=\"11\" \/><\/li><\/ul><\/div><noscript><style type=\"text\/css\">#soliloquy-container-1440{opacity:1}<\/style><\/noscript>\n\t<p><b>Wettbewerb f\u00fcr den Abbruch und Wiederaufbau der Br\u00fccke bei Km 0,030 der Landesstra\u00dfe Nr. 81 \u00fcber die Ahr in Uttenheim<\/b><\/p>\n\t<div aria-live=\"polite\" id=\"soliloquy-container-1414\" class=\"soliloquy-container soliloquy-transition-fade  soliloquy-theme-classic\" style=\"max-width:400px;max-height:184px;\"><ul id=\"soliloquy-1414\" class=\"soliloquy-slider soliloquy-slides soliloquy-wrap soliloquy-clear\"><li aria-hidden=\"true\" class=\"soliloquy-item soliloquy-item-1 soliloquy-image-slide\" draggable=\"false\" style=\"list-style:none\"><img id=\"soliloquy-image-1415\" class=\"soliloquy-image soliloquy-image-1\" src=\"https:\/\/www.valdemarin.it\/Luca\/wp-content\/uploads\/2019\/04\/25-400x184_c.jpg\" alt=\"25\" \/><\/li><li aria-hidden=\"true\" class=\"soliloquy-item soliloquy-item-2 soliloquy-image-slide\" draggable=\"false\" style=\"list-style:none\"><img id=\"soliloquy-image-1416\" class=\"soliloquy-image soliloquy-image-2\" src=\"https:\/\/www.valdemarin.it\/Luca\/wp-content\/uploads\/2019\/04\/26-400x184_c.jpg\" alt=\"26\" \/><\/li><li aria-hidden=\"true\" class=\"soliloquy-item soliloquy-item-3 soliloquy-image-slide\" draggable=\"false\" style=\"list-style:none\"><img id=\"soliloquy-image-1417\" class=\"soliloquy-image soliloquy-image-3\" src=\"https:\/\/www.valdemarin.it\/Luca\/wp-content\/uploads\/2019\/04\/27-400x184_c.jpg\" alt=\"27\" \/><\/li><\/ul><\/div><noscript><style type=\"text\/css\">#soliloquy-container-1414{opacity:1}<\/style><\/noscript>\n\t<p><b>Planungswettbewerb f\u00fcr die Errichtung einer neuen Br\u00fccke \u00fcber den Fluss Arno in Figline Valdarno (FI)<\/b><\/p>\n\t<div aria-live=\"polite\" id=\"soliloquy-container-1448\" class=\"soliloquy-container soliloquy-transition-fade  soliloquy-theme-classic\" style=\"max-width:400px;max-height:184px;\"><ul id=\"soliloquy-1448\" class=\"soliloquy-slider soliloquy-slides soliloquy-wrap soliloquy-clear\"><li aria-hidden=\"true\" class=\"soliloquy-item soliloquy-item-1 soliloquy-image-slide\" draggable=\"false\" style=\"list-style:none\"><img id=\"soliloquy-image-1449\" class=\"soliloquy-image soliloquy-image-1\" src=\"https:\/\/www.valdemarin.it\/Luca\/wp-content\/uploads\/2019\/04\/14-400x184_c.jpg\" alt=\"14\" \/><\/li><li aria-hidden=\"true\" class=\"soliloquy-item soliloquy-item-2 soliloquy-image-slide\" draggable=\"false\" style=\"list-style:none\"><img id=\"soliloquy-image-1450\" class=\"soliloquy-image soliloquy-image-2\" src=\"https:\/\/www.valdemarin.it\/Luca\/wp-content\/uploads\/2019\/04\/38-400x184_c.jpg\" alt=\"38\" \/><\/li><\/ul><\/div><noscript><style type=\"text\/css\">#soliloquy-container-1448{opacity:1}<\/style><\/noscript>\n\t<p><b>Planungswettbewerb f\u00fcr die Aufwertung der Flussm\u00fcndung des Kanals Marecchia<\/b><\/p>\n\t<div aria-live=\"polite\" id=\"soliloquy-container-1451\" class=\"soliloquy-container soliloquy-transition-fade  soliloquy-theme-classic\" style=\"max-width:400px;max-height:184px;\"><ul id=\"soliloquy-1451\" class=\"soliloquy-slider soliloquy-slides soliloquy-wrap soliloquy-clear\"><li aria-hidden=\"true\" class=\"soliloquy-item soliloquy-item-1 soliloquy-image-slide\" draggable=\"false\" style=\"list-style:none\"><img id=\"soliloquy-image-1452\" class=\"soliloquy-image soliloquy-image-1\" src=\"https:\/\/www.valdemarin.it\/Luca\/wp-content\/uploads\/2019\/04\/15-400x184_c.jpg\" alt=\"15\" \/><\/li><li aria-hidden=\"true\" class=\"soliloquy-item soliloquy-item-2 soliloquy-image-slide\" draggable=\"false\" style=\"list-style:none\"><img id=\"soliloquy-image-1453\" class=\"soliloquy-image soliloquy-image-2\" src=\"https:\/\/www.valdemarin.it\/Luca\/wp-content\/uploads\/2019\/04\/37-400x184_c.jpg\" alt=\"37\" \/><\/li><li aria-hidden=\"true\" class=\"soliloquy-item soliloquy-item-3 soliloquy-image-slide\" draggable=\"false\" style=\"list-style:none\"><img id=\"soliloquy-image-1454\" class=\"soliloquy-image soliloquy-image-3\" src=\"https:\/\/www.valdemarin.it\/Luca\/wp-content\/uploads\/2019\/04\/40-400x184_c.jpg\" alt=\"40\" \/><\/li><li aria-hidden=\"true\" class=\"soliloquy-item soliloquy-item-4 soliloquy-image-slide\" draggable=\"false\" style=\"list-style:none\"><img id=\"soliloquy-image-1816\" class=\"soliloquy-image soliloquy-image-4\" src=\"https:\/\/www.valdemarin.it\/Luca\/wp-content\/uploads\/2021\/03\/image012-400x184_c.png\" alt=\"image012\" \/><\/li><li aria-hidden=\"true\" class=\"soliloquy-item soliloquy-item-5 soliloquy-image-slide\" draggable=\"false\" style=\"list-style:none\"><img id=\"soliloquy-image-1817\" class=\"soliloquy-image soliloquy-image-5\" src=\"https:\/\/www.valdemarin.it\/Luca\/wp-content\/uploads\/2021\/03\/image013-400x184_c.png\" alt=\"image013\" \/><\/li><\/ul><\/div><noscript><style type=\"text\/css\">#soliloquy-container-1451{opacity:1}<\/style><\/noscript>\n\t<p><b>Planungswettbewerb f\u00fcr die Mendelpassstra\u00dfe<\/b><\/p>\n\t<div aria-live=\"polite\" id=\"soliloquy-container-1455\" class=\"soliloquy-container soliloquy-transition-fade  soliloquy-theme-classic\" style=\"max-width:400px;max-height:184px;\"><ul id=\"soliloquy-1455\" class=\"soliloquy-slider soliloquy-slides soliloquy-wrap soliloquy-clear\"><li aria-hidden=\"true\" class=\"soliloquy-item soliloquy-item-1 soliloquy-image-slide\" draggable=\"false\" style=\"list-style:none\"><img id=\"soliloquy-image-1456\" class=\"soliloquy-image soliloquy-image-1\" src=\"https:\/\/www.valdemarin.it\/Luca\/wp-content\/uploads\/2019\/04\/16-400x184_c.jpg\" alt=\"16\" \/><\/li><li aria-hidden=\"true\" class=\"soliloquy-item soliloquy-item-2 soliloquy-image-slide\" draggable=\"false\" style=\"list-style:none\"><img id=\"soliloquy-image-1457\" class=\"soliloquy-image soliloquy-image-2\" src=\"https:\/\/www.valdemarin.it\/Luca\/wp-content\/uploads\/2019\/04\/17-400x184_c.jpg\" alt=\"17\" \/><\/li><li aria-hidden=\"true\" class=\"soliloquy-item soliloquy-item-3 soliloquy-image-slide\" draggable=\"false\" style=\"list-style:none\"><img id=\"soliloquy-image-1458\" class=\"soliloquy-image soliloquy-image-3\" src=\"https:\/\/www.valdemarin.it\/Luca\/wp-content\/uploads\/2019\/04\/18-400x184_c.jpg\" alt=\"18\" \/><\/li><\/ul><\/div><noscript><style type=\"text\/css\">#soliloquy-container-1455{opacity:1}<\/style><\/noscript>\n\t<p><b>Wettbewerb f\u00fcr die Umfahrung Wattwil Br\u00fccke Thur (CH)<\/b><\/p>\n\t<div aria-live=\"polite\" id=\"soliloquy-container-1459\" class=\"soliloquy-container soliloquy-transition-fade  soliloquy-theme-classic\" style=\"max-width:400px;max-height:184px;\"><ul id=\"soliloquy-1459\" class=\"soliloquy-slider soliloquy-slides soliloquy-wrap soliloquy-clear\"><li aria-hidden=\"true\" class=\"soliloquy-item soliloquy-item-1 soliloquy-image-slide\" draggable=\"false\" style=\"list-style:none\"><img id=\"soliloquy-image-1460\" class=\"soliloquy-image soliloquy-image-1\" src=\"https:\/\/www.valdemarin.it\/Luca\/wp-content\/uploads\/2019\/04\/31-400x184_c.jpg\" alt=\"31\" \/><\/li><li aria-hidden=\"true\" class=\"soliloquy-item soliloquy-item-2 soliloquy-image-slide\" draggable=\"false\" style=\"list-style:none\"><img id=\"soliloquy-image-1461\" class=\"soliloquy-image soliloquy-image-2\" src=\"https:\/\/www.valdemarin.it\/Luca\/wp-content\/uploads\/2019\/04\/32-400x184_c.jpg\" alt=\"32\" \/><\/li><li aria-hidden=\"true\" class=\"soliloquy-item soliloquy-item-3 soliloquy-image-slide\" draggable=\"false\" style=\"list-style:none\"><img id=\"soliloquy-image-1462\" class=\"soliloquy-image soliloquy-image-3\" src=\"https:\/\/www.valdemarin.it\/Luca\/wp-content\/uploads\/2019\/04\/33-400x184_c.jpg\" alt=\"33\" \/><\/li><li aria-hidden=\"true\" class=\"soliloquy-item soliloquy-item-4 soliloquy-image-slide\" draggable=\"false\" style=\"list-style:none\"><img id=\"soliloquy-image-1463\" class=\"soliloquy-image soliloquy-image-4\" src=\"https:\/\/www.valdemarin.it\/Luca\/wp-content\/uploads\/2019\/04\/34-400x184_c.jpg\" alt=\"34\" \/><\/li><\/ul><\/div><noscript><style type=\"text\/css\">#soliloquy-container-1459{opacity:1}<\/style><\/noscript>\n\t<p><b>Wettbewerb der Umfahrung Percha<\/b><\/p>\n\t<div aria-live=\"polite\" id=\"soliloquy-container-1464\" class=\"soliloquy-container soliloquy-transition-fade  soliloquy-theme-classic\" style=\"max-width:400px;max-height:184px;\"><ul id=\"soliloquy-1464\" class=\"soliloquy-slider soliloquy-slides soliloquy-wrap soliloquy-clear\"><li aria-hidden=\"true\" class=\"soliloquy-item soliloquy-item-1 soliloquy-image-slide\" draggable=\"false\" style=\"list-style:none\"><img id=\"soliloquy-image-1465\" class=\"soliloquy-image soliloquy-image-1\" src=\"https:\/\/www.valdemarin.it\/Luca\/wp-content\/uploads\/2019\/04\/22-400x184_c.jpg\" alt=\"22\" \/><\/li><li aria-hidden=\"true\" class=\"soliloquy-item soliloquy-item-2 soliloquy-image-slide\" draggable=\"false\" style=\"list-style:none\"><img id=\"soliloquy-image-1466\" class=\"soliloquy-image soliloquy-image-2\" src=\"https:\/\/www.valdemarin.it\/Luca\/wp-content\/uploads\/2019\/04\/23-400x184_c.jpg\" alt=\"23\" \/><\/li><li aria-hidden=\"true\" class=\"soliloquy-item soliloquy-item-3 soliloquy-image-slide\" draggable=\"false\" style=\"list-style:none\"><img id=\"soliloquy-image-1467\" class=\"soliloquy-image soliloquy-image-3\" src=\"https:\/\/www.valdemarin.it\/Luca\/wp-content\/uploads\/2019\/04\/24-400x184_c.jpg\" alt=\"24\" \/><\/li><\/ul><\/div><noscript><style type=\"text\/css\">#soliloquy-container-1464{opacity:1}<\/style><\/noscript>\n\t<p><b>Wettbewerb Intermodalzentrum Sigmundskron<\/b><\/p>\n\t<div aria-live=\"polite\" id=\"soliloquy-container-1468\" class=\"soliloquy-container soliloquy-transition-fade  soliloquy-theme-classic\" style=\"max-width:400px;max-height:184px;\"><ul id=\"soliloquy-1468\" class=\"soliloquy-slider soliloquy-slides soliloquy-wrap soliloquy-clear\"><li aria-hidden=\"true\" class=\"soliloquy-item soliloquy-item-1 soliloquy-image-slide\" draggable=\"false\" style=\"list-style:none\"><img id=\"soliloquy-image-1469\" class=\"soliloquy-image soliloquy-image-1\" src=\"https:\/\/www.valdemarin.it\/Luca\/wp-content\/uploads\/2019\/04\/1-2-400x184_c.jpg\" alt=\"1\" \/><\/li><li aria-hidden=\"true\" class=\"soliloquy-item soliloquy-item-2 soliloquy-image-slide\" draggable=\"false\" style=\"list-style:none\"><img id=\"soliloquy-image-1470\" class=\"soliloquy-image soliloquy-image-2\" src=\"https:\/\/www.valdemarin.it\/Luca\/wp-content\/uploads\/2019\/04\/2-1-400x184_c.jpg\" alt=\"2\" \/><\/li><\/ul><\/div><noscript><style type=\"text\/css\">#soliloquy-container-1468{opacity:1}<\/style><\/noscript>\n\t<p><b>Wettbewerb der Umfahrung Kastelbell<\/b><\/p>\n\t<div aria-live=\"polite\" id=\"soliloquy-container-1471\" class=\"soliloquy-container soliloquy-transition-fade  soliloquy-theme-classic\" style=\"max-width:400px;max-height:184px;\"><ul id=\"soliloquy-1471\" class=\"soliloquy-slider soliloquy-slides soliloquy-wrap soliloquy-clear\"><li aria-hidden=\"true\" class=\"soliloquy-item soliloquy-item-1 soliloquy-image-slide\" draggable=\"false\" style=\"list-style:none\"><img id=\"soliloquy-image-1472\" class=\"soliloquy-image soliloquy-image-1\" src=\"https:\/\/www.valdemarin.it\/Luca\/wp-content\/uploads\/2019\/04\/19-400x184_c.jpg\" alt=\"19\" \/><\/li><li aria-hidden=\"true\" class=\"soliloquy-item soliloquy-item-2 soliloquy-image-slide\" draggable=\"false\" style=\"list-style:none\"><img id=\"soliloquy-image-1473\" class=\"soliloquy-image soliloquy-image-2\" src=\"https:\/\/www.valdemarin.it\/Luca\/wp-content\/uploads\/2019\/04\/20-400x184_c.jpg\" alt=\"20\" \/><\/li><li aria-hidden=\"true\" class=\"soliloquy-item soliloquy-item-3 soliloquy-image-slide\" draggable=\"false\" style=\"list-style:none\"><img id=\"soliloquy-image-1474\" class=\"soliloquy-image soliloquy-image-3\" src=\"https:\/\/www.valdemarin.it\/Luca\/wp-content\/uploads\/2019\/04\/21-400x184_c.jpg\" alt=\"21\" \/><\/li><\/ul><\/div><noscript><style type=\"text\/css\">#soliloquy-container-1471{opacity:1}<\/style><\/noscript>\n\t<p><b>Wettbewerb Ausfahrt Bruneck Mitte<\/b><\/p>\n\t<div aria-live=\"polite\" id=\"soliloquy-container-1475\" class=\"soliloquy-container soliloquy-transition-fade  soliloquy-theme-classic\" style=\"max-width:400px;max-height:184px;\"><ul id=\"soliloquy-1475\" class=\"soliloquy-slider soliloquy-slides soliloquy-wrap soliloquy-clear\"><li aria-hidden=\"true\" class=\"soliloquy-item soliloquy-item-1 soliloquy-image-slide\" draggable=\"false\" style=\"list-style:none\"><img id=\"soliloquy-image-1476\" class=\"soliloquy-image soliloquy-image-1\" src=\"https:\/\/www.valdemarin.it\/Luca\/wp-content\/uploads\/2019\/04\/28-400x184_c.jpg\" alt=\"28\" \/><\/li><li aria-hidden=\"true\" class=\"soliloquy-item soliloquy-item-2 soliloquy-image-slide\" draggable=\"false\" style=\"list-style:none\"><img id=\"soliloquy-image-1477\" class=\"soliloquy-image soliloquy-image-2\" src=\"https:\/\/www.valdemarin.it\/Luca\/wp-content\/uploads\/2019\/04\/29-400x184_c.jpg\" alt=\"29\" \/><\/li><li aria-hidden=\"true\" class=\"soliloquy-item soliloquy-item-3 soliloquy-image-slide\" draggable=\"false\" style=\"list-style:none\"><img id=\"soliloquy-image-1478\" class=\"soliloquy-image soliloquy-image-3\" src=\"https:\/\/www.valdemarin.it\/Luca\/wp-content\/uploads\/2019\/04\/30-400x184_c.jpg\" alt=\"30\" \/><\/li><\/ul><\/div><noscript><style type=\"text\/css\">#soliloquy-container-1475{opacity:1}<\/style><\/noscript>\n","protected":false},"excerpt":{"rendered":"<p>Planungswettbewerb Umfahrung St. Andr\u00e4 Ideenwettbewerb \u2013 Mobile Cadenonbr\u00fccke auf dem alten Hafen der Altstadt von Lazise Ideenwettbewerb Verbindung Stadt \u2013 Berg Brixen Ideenwettbewerb f\u00fcr die Realisierung des s\u00fcdlichen Eisenbahnanschlusses ins Pustertal Wettbewerb f\u00fcr den Abbruch und Wiederaufbau der Br\u00fccke bei Km 0,030 der Landesstra\u00dfe Nr. 81 \u00fcber die Ahr in Uttenheim Planungswettbewerb f\u00fcr die Errichtung&hellip; <br \/> <a class=\"read-more\" href=\"https:\/\/www.valdemarin.it\/?page_id=1488&#038;lang=de\">Leggi tutto<\/a><\/p>\n","protected":false},"author":1,"featured_media":0,"parent":0,"menu_order":0,"comment_status":"closed","ping_status":"closed","template":"","meta":[],"_links":{"self":[{"href":"https:\/\/www.valdemarin.it\/index.php?rest_route=\/wp\/v2\/pages\/1488"}],"collection":[{"href":"https:\/\/www.valdemarin.it\/index.php?rest_route=\/wp\/v2\/pages"}],"about":[{"href":"https:\/\/www.valdemarin.it\/index.php?rest_route=\/wp\/v2\/types\/page"}],"author":[{"embeddable":true,"href":"https:\/\/www.valdemarin.it\/index.php?rest_route=\/wp\/v2\/users\/1"}],"replies":[{"embeddable":true,"href":"https:\/\/www.valdemarin.it\/index.php?rest_route=%2Fwp%2Fv2%2Fcomments&post=1488"}],"version-history":[{"count":5,"href":"https:\/\/www.valdemarin.it\/index.php?rest_route=\/wp\/v2\/pages\/1488\/revisions"}],"predecessor-version":[{"id":1509,"href":"https:\/\/www.valdemarin.it\/index.php?rest_route=\/wp\/v2\/pages\/1488\/revisions\/1509"}],"wp:attachment":[{"href":"https:\/\/www.valdemarin.it\/index.php?rest_route=%2Fwp%2Fv2%2Fmedia&parent=1488"}],"curies":[{"name":"wp","href":"https:\/\/api.w.org\/{rel}","templated":true}]}}