{"id":754,"date":"2018-09-30T14:49:29","date_gmt":"2018-09-30T12:49:29","guid":{"rendered":"https:\/\/localhost\/Valdemarin1\/?page_id=754"},"modified":"2023-10-01T12:32:46","modified_gmt":"2023-10-01T10:32:46","slug":"bruecken-viadukte","status":"publish","type":"page","link":"http:\/\/www.valdemarin.it\/?page_id=754&lang=de","title":{"rendered":"Br\u00fccken \/ Viadukte"},"content":{"rendered":"\n\n\t<h4>Sanierung der Br\u00fccke Aldein<\/h4>\n<p><img loading=\"lazy\" src=\"http:\/\/www.valdemarin.it\/Luca\/wp-content\/uploads\/2023\/10\/Aldino-1.jpg\" alt=\"\" width=\"300\" height=\"150\" \/><\/p>\n<p>7.200.000 \u20ac (36%) Projektierung und Sicherheitskoordination<\/p>\n\t<h4>Kreuzung SS 49 mit der SS 52 und Eliminierung des Bahn\u00fcbergangs<\/h4>\n<p><img loading=\"lazy\" src=\"http:\/\/www.valdemarin.it\/Luca\/wp-content\/uploads\/2023\/10\/passaggio1-1.png\" alt=\"\" width=\"300\" height=\"150\" \/><\/p>\n<p>7.500.000 \u20ac (29,5%) \u00a0Projekt \u00fcber die technische und wirtschaftliche Machbarkeit<\/p>\n\t<h4>Neue Zufahrt ins Gadertal<\/h4>\n<p><img loading=\"lazy\" src=\"http:\/\/www.valdemarin.it\/Luca\/wp-content\/uploads\/2023\/10\/Badia-1.png\" alt=\"\" width=\"300\" height=\"150\" \/><\/p>\n<p>71.000.000 \u20ac (19,6%) Bauleitung und Sicherheitskoordination<\/p>\n\t<h4>Ausbau der SS.12 von km 466+649 bis km 466+989 in der Gemeinde Klausen<\/h4>\n<p><img loading=\"lazy\" src=\"http:\/\/www.valdemarin.it\/Luca\/wp-content\/uploads\/2020\/03\/Chiusa-1-300x150.jpg\" alt=\"\" width=\"300\" height=\"150\" \/><\/p>\nBauleitung: Autonome Provinz Bozen<br \/>\n1.461.858,30 \u20ac\n\t<h4>Sanierung der Br\u00fccke 15 Eschenlohe<br \/>\nGemeinde Eschenlohe<\/h4>\n<p><img loading=\"lazy\" src=\"http:\/\/www.valdemarin.it\/Luca\/wp-content\/uploads\/2020\/03\/Pancrazio-1-300x150.jpg\" alt=\"\" width=\"300\" height=\"150\" \/><\/p>\n<p>Ausf\u00fchrungsprojekt Autonome Provinz Bozen (35,92%) 5.700.000,00 \u20ac Sicherheitskoordination in der Projektierungsphase<\/p>\n\t<h4>Autobahn\u00fcberf\u00fchrung und Br\u00fccke \u00fcber die Etsch in der Gemeinde Neumarkt<\/h4>\n<p><img loading=\"lazy\" src=\"http:\/\/www.valdemarin.it\/Luca\/wp-content\/uploads\/2019\/01\/1-3-300x150.jpg\" alt=\"\" width=\"300\" height=\"150\" \/><\/p>\nProjektierung, Sicherheitskoordinierung<br \/>\nBrennerautobahn AG &#8211; 9.718.880,43 \u20ac\n\t<h4>Errichtung der Br\u00fccke \u00fcber der Etsch auf der LS 62 Leifers- Pfatten<\/h4>\n<p><img loading=\"lazy\" src=\"http:\/\/www.valdemarin.it\/Luca\/wp-content\/uploads\/2019\/01\/2-2-300x150.jpg\" alt=\"\" width=\"300\" height=\"150\" \/><\/p>\nProjektierung, Bauleitung<br \/>\nAutonome Provinz Bozen &#8211; 3.666.843,98 \u20ac\n\t<h4>Sanierung und Ausbau der Auenhausbr\u00fccke in Brixen<\/h4>\n<p><img loading=\"lazy\" src=\"http:\/\/www.valdemarin.it\/Luca\/wp-content\/uploads\/2019\/01\/9-1-300x150.jpg\" alt=\"\" width=\"300\" height=\"150\" \/><\/p>\nProjekt, BL, Sicherheitskoordination<br \/>\nGemeinde Brixen &#8211; 371.629,24 \u20ac<br \/>\n\n<p>&nbsp;<\/p>\n\t<h4>Sicherung der SS 621 &#8211; Ahrntal zwischen Lauf.km 34,380 und Lauf.km 35,740 Pretau<\/h4>\n<p><img loading=\"lazy\" src=\"http:\/\/www.valdemarin.it\/Luca\/wp-content\/uploads\/2019\/01\/15-2-300x150.jpg\" alt=\"\" width=\"300\" height=\"150\" \/><\/p>\nBauleitung<br \/>\nAutonome Provinz Bozen &#8211; 8.775.086,21 \u20ac<br \/>\n\n\t<h4>Errichtung der s\u00fcdlichen Anbindung der Eisenbahnlinie des Pustertales<\/h4>\n<p><img loading=\"lazy\" src=\"http:\/\/www.valdemarin.it\/Luca\/wp-content\/uploads\/2019\/01\/21-1-300x150.jpg\" alt=\"\" width=\"300\" height=\"150\" \/><\/p>\n<p>Autonome Provinz Bozen Ideenwettbewerb: 3. Klassifizierter 24.612.124,18 \u20ac<\/p>\n<p>&nbsp;<\/p>\n\t<h4>Ausbau und Begradigung der Stra\u00dfe ins Gadetal zwischen Lauf.km 3,400 &#8211; 9,200<\/h4>\n<p><img loading=\"lazy\" src=\"http:\/\/www.valdemarin.it\/Luca\/wp-content\/uploads\/2019\/01\/11-1-300x150.jpg\" alt=\"\" width=\"300\" height=\"150\" \/><\/p>\nKonstruktives, detailliertes Ausf\u00fchrungsprojekt<br \/>\nGrassetto AG &#8211; 14.512.059,45 \u20ac<br \/>\n\n\t<h4>Br\u00fccke \u00fcber dem Eisack in der Brixner Indurstriezone<\/h4>\n<p><img loading=\"lazy\" src=\"http:\/\/www.valdemarin.it\/Luca\/wp-content\/uploads\/2019\/01\/6-3-300x150.jpg\" alt=\"\" width=\"300\" height=\"150\" \/><\/p>\nProjektierung, BL<br \/>\nGemeinde Brixen &#8211; 774.685,35 \u20ac\n<p>&nbsp;<\/p>\n\t<h4>Intermodalzentrum <br \/>Sigmundskron<\/h4>\n<p><img loading=\"lazy\" src=\"http:\/\/www.valdemarin.it\/Luca\/wp-content\/uploads\/2019\/01\/17-2-300x150.jpg\" alt=\"\" width=\"300\" height=\"150\" \/><\/p>\n<p>Autonome Provinz Bozen Ideenwettbewerb: 1. Klassifizierter &#8211; 25.421.150,00 \u20ac<\/p>\n\t<h4>Abbruch und Wiederaufbau der Br\u00fccke 44\/14 in Antholz<\/h4>\n<p><img loading=\"lazy\" src=\"http:\/\/www.valdemarin.it\/Luca\/wp-content\/uploads\/2023\/10\/Anterselva-2.jpg\" alt=\"\" width=\"300\" height=\"150\" \/><\/p>\n<p>2.600.000 \u20ac (47,5%) Projektierung und Sicherheitskoordination<\/p>\n\t<h4>LS 60 Wengen, Errichtung eines Gehsteigs und einer Fahrbahnverbreiterung<\/h4>\n<p><img loading=\"lazy\" src=\"http:\/\/www.valdemarin.it\/Luca\/wp-content\/uploads\/2019\/01\/112-300x150.jpg\" alt=\"\" width=\"300\" height=\"150\" \/><\/p>\nProjekt, BL, Sicherheitskoordination<br \/>\nAutonome Provinz Bozen &#8211; 1.506.183,61 \u20ac\n<p>&nbsp;<\/p>\n<p>&nbsp;<\/p>\n\t<h4>Sanierung der Widmannbr\u00fccke in Brixen<\/h4>\n<p><img loading=\"lazy\" src=\"http:\/\/www.valdemarin.it\/Luca\/wp-content\/uploads\/2019\/01\/7-1-300x150.jpg\" alt=\"\" width=\"300\" height=\"150\" \/><\/p>\nProjekt, BL, Sicherheitskoordinierung<br \/>\nGemeinde Brixen &#8211; 197.286,53 \u20ac<br \/>\n\n<p>&nbsp;<\/p>\n\t<h4>Sanierung der Adlerbr\u00fccke in Brixen<\/h4>\n<p><img loading=\"lazy\" src=\"http:\/\/www.valdemarin.it\/Luca\/wp-content\/uploads\/2019\/01\/8-1-300x150.jpg\" alt=\"\" width=\"300\" height=\"150\" \/><\/p>\nProjekt, BL, Sicherheitskoordination<br \/>\nGemeinde Brixen &#8211; 355.949,96 \u20ac<br \/>\n\n\t<h4>Forl\u00ec &#8211; \u00f6stliche Umfahrung 1. Baulos<\/h4>\n<p><img loading=\"lazy\" src=\"http:\/\/www.valdemarin.it\/Luca\/wp-content\/uploads\/2019\/01\/10-1-300x150.jpg\" alt=\"\" width=\"300\" height=\"150\" \/><\/p>\nKonstruktives, detailliertes Ausf\u00fchrungsprojekt <br \/>\nOberosler Cav. Pietro AG &#8211; 23.929.229,64 \u20ac<br \/>\n\n<p>&nbsp;<\/p>\n\t<h4>Ausfahrt Brunek Mitte<\/h4>\n<p><img loading=\"lazy\" src=\"http:\/\/www.valdemarin.it\/Luca\/wp-content\/uploads\/2023\/10\/Brunico-1.jpg\" alt=\"\" width=\"300\" height=\"150\" \/><\/p>\nProjektierung Autonome Provinz Bozen<br \/>\n\u20ac 4.193.760<br \/>\n\n<p>&nbsp;<\/p>\n\t<h4>Br\u00fccke \u00fcber dem Eisack in Neustift<\/h4>\n<p><img loading=\"lazy\" src=\"http:\/\/www.valdemarin.it\/Luca\/wp-content\/uploads\/2019\/01\/20-300x150.jpg\" alt=\"\" width=\"300\" height=\"150\" \/><\/p>\nProjekt, BL<br \/>\nAutonome Provinz Bozen &#8211; 159.567,29 \u20ac<br \/>\n\n\t<h4>Sanierung der Reschenbr\u00fccke in Bozen<\/h4>\n<p><img loading=\"lazy\" src=\"http:\/\/www.valdemarin.it\/Luca\/wp-content\/uploads\/2019\/01\/3-2-300x150.jpg\" alt=\"\" width=\"300\" height=\"150\" \/><\/p>\nProjekt, BL, Sicherheitskoordinierung<br \/>\nGemeinde Bozen &#8211; 1.877.970,48 \u20ac\n\t<h4>Sanierung der Br\u00fcke auf der Brennerstaatsstra\u00dfe 12 bei Lauf.km 516.410 in der Ortschaft Ponticolo<\/h4>\n<p><img loading=\"lazy\" src=\"http:\/\/www.valdemarin.it\/Luca\/wp-content\/uploads\/2019\/01\/4-2-300x150.jpg\" alt=\"\" width=\"300\" height=\"150\" \/><\/p>\nProject, BL, Sicherheitskoordinierung<br \/>\nAutonome Provinz Bozen\u00a0&#8211; 1.502.929,74 \u20ac\n<p>&nbsp;<\/p>\n\t<h4>Verbindungstra\u00dfe zwischen der Mozartallee und der \u00f6stlichen Umfahrungsstra\u00dfe von Brixen<\/h4>\n<p><img loading=\"lazy\" src=\"http:\/\/www.valdemarin.it\/Luca\/wp-content\/uploads\/2019\/01\/5-3-300x150.jpg\" alt=\"\" width=\"300\" height=\"150\" \/><\/p>\nProjektierung, BL<br \/>\nGemeinde Brixen &#8211; 775.047,35 \u20ac<br \/>\n\n\t<h4>Hauptsammler f\u00fcr Schmutzwasser Mauls &#8211; Franzensfeste 1. Baulos, 2. Auszug: Mittewald &#8211; Oberrau<\/h4>\n<p><img loading=\"lazy\" src=\"http:\/\/www.valdemarin.it\/Luca\/wp-content\/uploads\/2019\/01\/16-2-300x150.jpg\" alt=\"\" width=\"300\" height=\"150\" \/><\/p>\nProjekt, BL<br \/>\nGemeinde Franzensfeste &#8211; 924.548,37 \u20ac<br \/>\n\n<p>&nbsp;<\/p>\n\t<h4>Umfahrungsstra\u00dfe St. Kassian im Gadertal L.S. 37<\/h4>\n<p><img loading=\"lazy\" src=\"http:\/\/www.valdemarin.it\/Luca\/wp-content\/uploads\/2019\/01\/19-300x150.jpg\" alt=\"\" width=\"300\" height=\"150\" \/><\/p>\nProjektierung <br \/>\nWieser Karl &#8211; 1.032.913,80 \u20ac<br \/>\n\n\t<h4>Br\u00fccke \u00fcber den Fluss S. Nicola in der Gemeinde Nova Siri<\/h4>\n<p><img loading=\"lazy\" src=\"http:\/\/www.valdemarin.it\/Luca\/wp-content\/uploads\/2019\/01\/18-300x150.jpg\" alt=\"\" width=\"300\" height=\"150\" \/><\/p>\nMachbarkeitsstudie<br \/>\nOberosler Cav. Pietro Srl &#8211; 2.030.280,00 \u20ac\n<p>&nbsp;<\/p>\n\t<h4>Aussichtsplattform \u00fcber den Wasserf\u00e4llen des Ratschingserbachs<\/h4>\n<p><img loading=\"lazy\" src=\"http:\/\/www.valdemarin.it\/Luca\/wp-content\/uploads\/2022\/09\/Senza-titolo-1503-1.jpg\" alt=\"\" width=\"300\" height=\"150\" \/><\/p>\n<p>Statische Projektierung, Bauleitung und Sicherheitskoordination<\/p>\n\t<h4>Ausbau der L.S. 136 Afing, 0,650 &#8211; 1,100<\/h4>\n<p><img loading=\"lazy\" src=\"http:\/\/www.valdemarin.it\/Luca\/wp-content\/uploads\/2022\/09\/Senza-titolo-1502-1.jpg\" alt=\"\" width=\"300\" height=\"150\" \/><\/p>\n1.450.000 \u20ac (100%) Projektierung, Bauleitung und Sicherheitskoordination<br \/>\n\n\t<h4>Umfahrung von St. Andr\u00e4 in der Gemeinde Brixen<\/h4>\n<p><img loading=\"lazy\" src=\"http:\/\/www.valdemarin.it\/Luca\/wp-content\/uploads\/2019\/01\/22-300x150.jpg\" alt=\"\" width=\"300\" height=\"150\" \/><\/p>\n<p>Autonome Provinz Bozen Ideenwettbewerb: 3. Klassifizierter &#8211; 1.947.000,00 \u20ac<\/p>\n\t<h4>Sicherung der SS 42 des Tonale-und Mendelpasses zwischen Lauf.km 223.350 und Lauf.km 224.250 in der Gemeinde Kaltern<\/h4>\n<p><img loading=\"lazy\" src=\"http:\/\/www.valdemarin.it\/Luca\/wp-content\/uploads\/2019\/01\/14-1-300x150.jpg\" alt=\"\" width=\"300\" height=\"150\" \/><\/p>\nProjekt Sicherheitskoordinierung<br \/>\nAutonome Provinz Bozen\u00a0&#8211; 10.585.673,73 \u20ac<br \/>\n\n\t<h4>Sanierung der Br\u00fccke auf der Brennerstaatsstra\u00dfe 12 bei Lauf.km 506,460 s\u00fcdlich von Sterzing<\/h4>\n<p>&nbsp;<\/p>\nProjekt, Sicherheitskoordinierung<br \/>\nAutonome Provinz Bozen &#8211; 641.365,46 \u20ac<br \/>\n\n<p>&nbsp;<\/p>\n\t<h4>Statische Sanierung der Br\u00fccke Nr. 137\/4 bei Lauf-km 3.970 der LS 137 &#8220;Astfeld &#8211; Durnholz&#8221;<\/h4>\n<p>&nbsp;<\/p>\nProjekt, Sicherheitskoordinierung<br \/>\nAutonome Provinz Bozen &#8211; 224.658,75 \u20ac<br \/>\n\n<p>&nbsp;<\/p>\n\n","protected":false},"excerpt":{"rendered":"<p>Sanierung der Br\u00fccke Aldein 7.200.000 \u20ac (36%) Projektierung und Sicherheitskoordination Kreuzung SS 49 mit der SS 52 und Eliminierung des Bahn\u00fcbergangs 7.500.000 \u20ac (29,5%) \u00a0Projekt \u00fcber die technische und wirtschaftliche Machbarkeit Neue Zufahrt ins Gadertal 71.000.000 \u20ac (19,6%) Bauleitung und Sicherheitskoordination Ausbau der SS.12 von km 466+649 bis km 466+989 in der Gemeinde Klausen Bauleitung:&hellip; <br \/> <a class=\"read-more\" href=\"http:\/\/www.valdemarin.it\/?page_id=754&#038;lang=de\">Leggi tutto<\/a><\/p>\n","protected":false},"author":1,"featured_media":0,"parent":0,"menu_order":0,"comment_status":"closed","ping_status":"closed","template":"","meta":[],"_links":{"self":[{"href":"http:\/\/www.valdemarin.it\/index.php?rest_route=\/wp\/v2\/pages\/754"}],"collection":[{"href":"http:\/\/www.valdemarin.it\/index.php?rest_route=\/wp\/v2\/pages"}],"about":[{"href":"http:\/\/www.valdemarin.it\/index.php?rest_route=\/wp\/v2\/types\/page"}],"author":[{"embeddable":true,"href":"http:\/\/www.valdemarin.it\/index.php?rest_route=\/wp\/v2\/users\/1"}],"replies":[{"embeddable":true,"href":"http:\/\/www.valdemarin.it\/index.php?rest_route=%2Fwp%2Fv2%2Fcomments&post=754"}],"version-history":[{"count":31,"href":"http:\/\/www.valdemarin.it\/index.php?rest_route=\/wp\/v2\/pages\/754\/revisions"}],"predecessor-version":[{"id":1993,"href":"http:\/\/www.valdemarin.it\/index.php?rest_route=\/wp\/v2\/pages\/754\/revisions\/1993"}],"wp:attachment":[{"href":"http:\/\/www.valdemarin.it\/index.php?rest_route=%2Fwp%2Fv2%2Fmedia&parent=754"}],"curies":[{"name":"wp","href":"https:\/\/api.w.org\/{rel}","templated":true}]}}